{"id":390,"date":"2023-03-14T09:36:56","date_gmt":"2023-03-14T09:36:56","guid":{"rendered":"https:\/\/www.arjau.org\/la-fundacio\/"},"modified":"2024-05-13T11:29:46","modified_gmt":"2024-05-13T11:29:46","slug":"la-fundacio","status":"publish","type":"page","link":"https:\/\/www.arjau.org\/ca\/","title":{"rendered":"La Fundaci\u00f3"},"content":{"rendered":"\t\t<div data-elementor-type=\"wp-page\" data-elementor-id=\"390\" class=\"elementor elementor-390 elementor-7\" data-elementor-post-type=\"page\">\r\n\t\t\t\t\t\t<section class=\"elementor-section elementor-top-section elementor-element elementor-element-63d7e04 elementor-section-full_width elementor-section-height-min-height elementor-section-items-stretch elementor-section-height-default\" data-id=\"63d7e04\" data-element_type=\"section\" data-e-type=\"section\" data-settings=\"{&quot;background_background&quot;:&quot;classic&quot;}\">\r\n\t\t\t\t\t\t<div class=\"elementor-container elementor-column-gap-default\">\r\n\t\t\t\t\t<div class=\"elementor-column elementor-col-50 elementor-top-column elementor-element elementor-element-6a6c7ab\" data-id=\"6a6c7ab\" data-element_type=\"column\" data-e-type=\"column\" data-settings=\"{&quot;background_background&quot;:&quot;classic&quot;}\">\r\n\t\t\t<div class=\"elementor-widget-wrap elementor-element-populated\">\r\n\t\t\t\t\t\t<div class=\"elementor-element elementor-element-ae30454 elementor-widget elementor-widget-spacer\" data-id=\"ae30454\" data-element_type=\"widget\" data-e-type=\"widget\" data-widget_type=\"spacer.default\">\r\n\t\t\t\t<div class=\"elementor-widget-container\">\r\n\t\t\t\t\t\t\t<div class=\"elementor-spacer\">\r\n\t\t\t<div class=\"elementor-spacer-inner\"><\/div>\r\n\t\t<\/div>\r\n\t\t\t\t\t\t<\/div>\r\n\t\t\t\t<\/div>\r\n\t\t\t\t\t<\/div>\r\n\t\t<\/div>\r\n\t\t\t\t<div class=\"elementor-column elementor-col-50 elementor-top-column elementor-element elementor-element-67d2dd4\" data-id=\"67d2dd4\" data-element_type=\"column\" data-e-type=\"column\" data-settings=\"{&quot;background_background&quot;:&quot;classic&quot;}\">\r\n\t\t\t<div class=\"elementor-widget-wrap elementor-element-populated\">\r\n\t\t\t\t\t\t<div class=\"elementor-element elementor-element-9ef9c4a elementor-widget elementor-widget-heading\" data-id=\"9ef9c4a\" data-element_type=\"widget\" data-e-type=\"widget\" data-widget_type=\"heading.default\">\r\n\t\t\t\t<div class=\"elementor-widget-container\">\r\n\t\t\t\t\t<h1 class=\"elementor-heading-title elementor-size-default\">La Fundaci\u00f3<\/h1>\t\t\t\t<\/div>\r\n\t\t\t\t<\/div>\r\n\t\t\t\t\t<\/div>\r\n\t\t<\/div>\r\n\t\t\t\t\t<\/div>\r\n\t\t<\/section>\r\n\t\t\t\t<section class=\"elementor-section elementor-top-section elementor-element elementor-element-2644ca6 elementor-section-boxed elementor-section-height-default elementor-section-height-default\" data-id=\"2644ca6\" data-element_type=\"section\" data-e-type=\"section\">\r\n\t\t\t\t\t\t<div class=\"elementor-container elementor-column-gap-default\">\r\n\t\t\t\t\t<div class=\"elementor-column elementor-col-100 elementor-top-column elementor-element elementor-element-bb23410\" data-id=\"bb23410\" data-element_type=\"column\" data-e-type=\"column\">\r\n\t\t\t<div class=\"elementor-widget-wrap elementor-element-populated\">\r\n\t\t\t\t\t\t<div class=\"elementor-element elementor-element-31decd5 elementor-widget elementor-widget-menu-anchor\" data-id=\"31decd5\" data-element_type=\"widget\" data-e-type=\"widget\" data-widget_type=\"menu-anchor.default\">\r\n\t\t\t\t<div class=\"elementor-widget-container\">\r\n\t\t\t\t\t\t\t<div class=\"elementor-menu-anchor\" id=\"historia\"><\/div>\r\n\t\t\t\t\t\t<\/div>\r\n\t\t\t\t<\/div>\r\n\t\t\t\t\t<\/div>\r\n\t\t<\/div>\r\n\t\t\t\t\t<\/div>\r\n\t\t<\/section>\r\n\t\t\t\t<section class=\"elementor-section elementor-top-section elementor-element elementor-element-d215fd9 elementor-section-boxed elementor-section-height-default elementor-section-height-default\" data-id=\"d215fd9\" data-element_type=\"section\" data-e-type=\"section\">\r\n\t\t\t\t\t\t<div class=\"elementor-container elementor-column-gap-default\">\r\n\t\t\t\t\t<div class=\"elementor-column elementor-col-50 elementor-top-column elementor-element elementor-element-701d95e\" data-id=\"701d95e\" data-element_type=\"column\" data-e-type=\"column\">\r\n\t\t\t<div class=\"elementor-widget-wrap elementor-element-populated\">\r\n\t\t\t\t\t\t<div class=\"elementor-element elementor-element-049a514 elementor-widget elementor-widget-heading\" data-id=\"049a514\" data-element_type=\"widget\" data-e-type=\"widget\" data-widget_type=\"heading.default\">\r\n\t\t\t\t<div class=\"elementor-widget-container\">\r\n\t\t\t\t\t<h2 class=\"elementor-heading-title elementor-size-default\">Hist\u00f2ria<\/h2>\t\t\t\t<\/div>\r\n\t\t\t\t<\/div>\r\n\t\t\t\t<div class=\"elementor-element elementor-element-fb25723 elementor-widget elementor-widget-heading\" data-id=\"fb25723\" data-element_type=\"widget\" data-e-type=\"widget\" data-widget_type=\"heading.default\">\r\n\t\t\t\t<div class=\"elementor-widget-container\">\r\n\t\t\t\t\t<h3 class=\"elementor-heading-title elementor-size-default\">La Fundaci\u00f3 l\u2019Arjau neix en 1994 i t\u00e9 com a finalitat amb car\u00e0cter general, el foment i desenvolupament de l'ensenyament i la cultura aix\u00ed com, promoci\u00f3, divulgaci\u00f3 i patrocini d'activitats art\u00edstiques, cient\u00edfiques, t\u00e8cniques i formatives i\/o ben\u00e8fiques.<\/h3>\t\t\t\t<\/div>\r\n\t\t\t\t<\/div>\r\n\t\t\t\t<div class=\"elementor-element elementor-element-d6d89ee elementor-widget elementor-widget-image\" data-id=\"d6d89ee\" data-element_type=\"widget\" data-e-type=\"widget\" data-widget_type=\"image.default\">\r\n\t\t\t\t<div class=\"elementor-widget-container\">\r\n\t\t\t\t\t\t\t\t\t\t\t\t\t\t\t<img decoding=\"async\" width=\"300\" height=\"155\" src=\"https:\/\/www.arjau.org\/wp-content\/uploads\/2023\/03\/lapiz.png\" class=\"attachment-large size-large wp-image-363\" alt=\"\" \/>\t\t\t\t\t\t\t\t\t\t\t\t\t\t\t<\/div>\r\n\t\t\t\t<\/div>\r\n\t\t\t\t\t<\/div>\r\n\t\t<\/div>\r\n\t\t\t\t<div class=\"elementor-column elementor-col-50 elementor-top-column elementor-element elementor-element-0aa2f56\" data-id=\"0aa2f56\" data-element_type=\"column\" data-e-type=\"column\">\r\n\t\t\t<div class=\"elementor-widget-wrap elementor-element-populated\">\r\n\t\t\t\t\t\t<div class=\"elementor-element elementor-element-17870c7 elementor-widget elementor-widget-spacer\" data-id=\"17870c7\" data-element_type=\"widget\" data-e-type=\"widget\" data-widget_type=\"spacer.default\">\r\n\t\t\t\t<div class=\"elementor-widget-container\">\r\n\t\t\t\t\t\t\t<div class=\"elementor-spacer\">\r\n\t\t\t<div class=\"elementor-spacer-inner\"><\/div>\r\n\t\t<\/div>\r\n\t\t\t\t\t\t<\/div>\r\n\t\t\t\t<\/div>\r\n\t\t\t\t<div class=\"elementor-element elementor-element-bd2b239 elementor-widget elementor-widget-text-editor\" data-id=\"bd2b239\" data-element_type=\"widget\" data-e-type=\"widget\" data-widget_type=\"text-editor.default\">\r\n\t\t\t\t<div class=\"elementor-widget-container\">\r\n\t\t\t\t\t\t\t\t\t<p>La Fundaci\u00f3 l\u2019Arjau neix en 1994 i t\u00e9 com a finalitat amb car\u00e0cter general, el foment i desenvolupament de l&#8217;ensenyament i la cultura aix\u00ed com, promoci\u00f3, divulgaci\u00f3 i patrocini d&#8217;activitats art\u00edstiques, cient\u00edfiques, t\u00e8cniques i formatives i\/o ben\u00e8fiques.<\/p>\n\t\t\t\t\t\t\t\t<\/div>\r\n\t\t\t\t<\/div>\r\n\t\t\t\t\t<\/div>\r\n\t\t<\/div>\r\n\t\t\t\t\t<\/div>\r\n\t\t<\/section>\r\n\t\t\t\t<section class=\"elementor-section elementor-top-section elementor-element elementor-element-b612bf2 elementor-section-boxed elementor-section-height-default elementor-section-height-default\" data-id=\"b612bf2\" data-element_type=\"section\" data-e-type=\"section\" data-settings=\"{&quot;background_background&quot;:&quot;classic&quot;}\">\r\n\t\t\t\t\t\t<div class=\"elementor-container elementor-column-gap-default\">\r\n\t\t\t\t\t<div class=\"elementor-column elementor-col-50 elementor-top-column elementor-element elementor-element-0ceaa20\" data-id=\"0ceaa20\" data-element_type=\"column\" data-e-type=\"column\">\r\n\t\t\t<div class=\"elementor-widget-wrap elementor-element-populated\">\r\n\t\t\t\t\t\t<div class=\"elementor-element elementor-element-550aa32 elementor-widget elementor-widget-heading\" data-id=\"550aa32\" data-element_type=\"widget\" data-e-type=\"widget\" data-widget_type=\"heading.default\">\r\n\t\t\t\t<div class=\"elementor-widget-container\">\r\n\t\t\t\t\t<h3 class=\"elementor-heading-title elementor-size-default\">La Fundaci\u00f3 l\u2019Arjau proporciona ajudes a l'estudi a alumnes, les fam\u00edlies dels quals, estan passant per un per\u00edode de dificultat econ\u00f2mica.<\/h3>\t\t\t\t<\/div>\r\n\t\t\t\t<\/div>\r\n\t\t\t\t<div class=\"elementor-element elementor-element-6312a2f elementor-widget elementor-widget-text-editor\" data-id=\"6312a2f\" data-element_type=\"widget\" data-e-type=\"widget\" data-widget_type=\"text-editor.default\">\r\n\t\t\t\t<div class=\"elementor-widget-container\">\r\n\t\t\t\t\t\t\t\t\t<p>Des dels seus inicis en 1994 la Fundaci\u00f3 l\u2019Arjau ha ajudat a m\u00e9s de 900 fam\u00edlies, concedint ajudes a l&#8217;estudi a m\u00e9s de 1800 alumnes.<\/p>\n<p>Aquest objectiu fundacional de l\u2019Arjau es va exercint gr\u00e0cies a la col\u00b7laboraci\u00f3 de petites aportacions volunt\u00e0ries de particulars i gr\u00e0cies a les donacions de m\u00e9s de 80 entitats, fundacions i empreses.<\/p>\n\t\t\t\t\t\t\t\t<\/div>\r\n\t\t\t\t<\/div>\r\n\t\t\t\t\t<\/div>\r\n\t\t<\/div>\r\n\t\t\t\t<div class=\"elementor-column elementor-col-50 elementor-top-column elementor-element elementor-element-37146db\" data-id=\"37146db\" data-element_type=\"column\" data-e-type=\"column\">\r\n\t\t\t<div class=\"elementor-widget-wrap elementor-element-populated\">\r\n\t\t\t\t\t\t<div class=\"elementor-element elementor-element-b2c76f2 elementor-widget elementor-widget-image\" data-id=\"b2c76f2\" data-element_type=\"widget\" data-e-type=\"widget\" data-widget_type=\"image.default\">\r\n\t\t\t\t<div class=\"elementor-widget-container\">\r\n\t\t\t\t\t\t\t\t\t\t\t\t\t\t\t<img fetchpriority=\"high\" decoding=\"async\" width=\"538\" height=\"697\" src=\"https:\/\/www.arjau.org\/wp-content\/uploads\/2023\/03\/ninios.png\" class=\"attachment-large size-large wp-image-364\" alt=\"\" srcset=\"https:\/\/www.arjau.org\/wp-content\/uploads\/2023\/03\/ninios.png 538w, https:\/\/www.arjau.org\/wp-content\/uploads\/2023\/03\/ninios-232x300.png 232w\" sizes=\"(max-width: 538px) 100vw, 538px\" \/>\t\t\t\t\t\t\t\t\t\t\t\t\t\t\t<\/div>\r\n\t\t\t\t<\/div>\r\n\t\t\t\t\t<\/div>\r\n\t\t<\/div>\r\n\t\t\t\t\t<\/div>\r\n\t\t<\/section>\r\n\t\t\t\t<section class=\"elementor-section elementor-top-section elementor-element elementor-element-f6b60b1 elementor-section-boxed elementor-section-height-default elementor-section-height-default\" data-id=\"f6b60b1\" data-element_type=\"section\" data-e-type=\"section\">\r\n\t\t\t\t\t\t<div class=\"elementor-container elementor-column-gap-default\">\r\n\t\t\t\t\t<div class=\"elementor-column elementor-col-100 elementor-top-column elementor-element elementor-element-f68f308\" data-id=\"f68f308\" data-element_type=\"column\" data-e-type=\"column\">\r\n\t\t\t<div class=\"elementor-widget-wrap elementor-element-populated\">\r\n\t\t\t\t\t\t<div class=\"elementor-element elementor-element-e6d4983 elementor-widget elementor-widget-menu-anchor\" data-id=\"e6d4983\" data-element_type=\"widget\" data-e-type=\"widget\" data-widget_type=\"menu-anchor.default\">\r\n\t\t\t\t<div class=\"elementor-widget-container\">\r\n\t\t\t\t\t\t\t<div class=\"elementor-menu-anchor\" id=\"fines\"><\/div>\r\n\t\t\t\t\t\t<\/div>\r\n\t\t\t\t<\/div>\r\n\t\t\t\t\t<\/div>\r\n\t\t<\/div>\r\n\t\t\t\t\t<\/div>\r\n\t\t<\/section>\r\n\t\t\t\t<section class=\"elementor-section elementor-top-section elementor-element elementor-element-03625f1 elementor-section-boxed elementor-section-height-default elementor-section-height-default\" data-id=\"03625f1\" data-element_type=\"section\" data-e-type=\"section\">\r\n\t\t\t\t\t\t<div class=\"elementor-container elementor-column-gap-default\">\r\n\t\t\t\t\t<div class=\"elementor-column elementor-col-100 elementor-top-column elementor-element elementor-element-e64a5bb\" data-id=\"e64a5bb\" data-element_type=\"column\" data-e-type=\"column\">\r\n\t\t\t<div class=\"elementor-widget-wrap elementor-element-populated\">\r\n\t\t\t\t\t\t<section class=\"elementor-section elementor-inner-section elementor-element elementor-element-327b25a elementor-section-boxed elementor-section-height-default elementor-section-height-default\" data-id=\"327b25a\" data-element_type=\"section\" data-e-type=\"section\">\r\n\t\t\t\t\t\t<div class=\"elementor-container elementor-column-gap-default\">\r\n\t\t\t\t\t<div class=\"elementor-column elementor-col-100 elementor-inner-column elementor-element elementor-element-6a28ad7\" data-id=\"6a28ad7\" data-element_type=\"column\" data-e-type=\"column\">\r\n\t\t\t<div class=\"elementor-widget-wrap elementor-element-populated\">\r\n\t\t\t\t\t\t<div class=\"elementor-element elementor-element-ae6da3e elementor-widget elementor-widget-heading\" data-id=\"ae6da3e\" data-element_type=\"widget\" data-e-type=\"widget\" data-widget_type=\"heading.default\">\r\n\t\t\t\t<div class=\"elementor-widget-container\">\r\n\t\t\t\t\t<h2 class=\"elementor-heading-title elementor-size-default\">Fins generals<\/h2>\t\t\t\t<\/div>\r\n\t\t\t\t<\/div>\r\n\t\t\t\t<div class=\"elementor-element elementor-element-8ce3c7c elementor-widget elementor-widget-heading\" data-id=\"8ce3c7c\" data-element_type=\"widget\" data-e-type=\"widget\" data-widget_type=\"heading.default\">\r\n\t\t\t\t<div class=\"elementor-widget-container\">\r\n\t\t\t\t\t<h3 class=\"elementor-heading-title elementor-size-default\">La Fundaci\u00f3 l\u2019Arjau t\u00e9 per objecte amb car\u00e0cter general, el foment i desenvolupament de l'ensenyament i de la cultura, aix\u00ed com la promoci\u00f3, divulgaci\u00f3 i el patrocini d'activitats art\u00edstiques, cient\u00edfiques, t\u00e8cniques, formatives i\/o ben\u00e8fiques.<\/h3>\t\t\t\t<\/div>\r\n\t\t\t\t<\/div>\r\n\t\t\t\t<div class=\"elementor-element elementor-element-a05840c elementor-widget elementor-widget-text-editor\" data-id=\"a05840c\" data-element_type=\"widget\" data-e-type=\"widget\" data-widget_type=\"text-editor.default\">\r\n\t\t\t\t<div class=\"elementor-widget-container\">\r\n\t\t\t\t\t\t\t\t\t<p>Per a la consecuci\u00f3 dels fins fundacionals, la Fundaci\u00f3 desenvolupa les activitats que el Patronat considera necess\u00e0ries directament i\/o en col\u00b7laboraci\u00f3 amb altres entitats, institucions o persones, d&#8217;acord amb el que estableix la normativa sobre fundacions.<\/p>\n\t\t\t\t\t\t\t\t<\/div>\r\n\t\t\t\t<\/div>\r\n\t\t\t\t\t<\/div>\r\n\t\t<\/div>\r\n\t\t\t\t\t<\/div>\r\n\t\t<\/section>\r\n\t\t\t\t\t<\/div>\r\n\t\t<\/div>\r\n\t\t\t\t\t<\/div>\r\n\t\t<\/section>\r\n\t\t\t\t<section class=\"elementor-section elementor-top-section elementor-element elementor-element-40bf864 elementor-section-boxed elementor-section-height-default elementor-section-height-default\" data-id=\"40bf864\" data-element_type=\"section\" data-e-type=\"section\">\r\n\t\t\t\t\t\t<div class=\"elementor-container elementor-column-gap-default\">\r\n\t\t\t\t\t<div class=\"elementor-column elementor-col-100 elementor-top-column elementor-element elementor-element-187e037\" data-id=\"187e037\" data-element_type=\"column\" data-e-type=\"column\">\r\n\t\t\t<div class=\"elementor-widget-wrap elementor-element-populated\">\r\n\t\t\t\t\t\t<section class=\"elementor-section elementor-inner-section elementor-element elementor-element-e5fc2f7 elementor-section-boxed elementor-section-height-default elementor-section-height-default\" data-id=\"e5fc2f7\" data-element_type=\"section\" data-e-type=\"section\">\r\n\t\t\t\t\t\t<div class=\"elementor-container elementor-column-gap-default\">\r\n\t\t\t\t\t<div class=\"elementor-column elementor-col-100 elementor-inner-column elementor-element elementor-element-5fc5d34\" data-id=\"5fc5d34\" data-element_type=\"column\" data-e-type=\"column\">\r\n\t\t\t<div class=\"elementor-widget-wrap elementor-element-populated\">\r\n\t\t\t\t\t\t<div class=\"elementor-element elementor-element-648b51b elementor-widget elementor-widget-heading\" data-id=\"648b51b\" data-element_type=\"widget\" data-e-type=\"widget\" data-widget_type=\"heading.default\">\r\n\t\t\t\t<div class=\"elementor-widget-container\">\r\n\t\t\t\t\t<h2 class=\"elementor-heading-title elementor-size-default\">Fins particulars<\/h2>\t\t\t\t<\/div>\r\n\t\t\t\t<\/div>\r\n\t\t\t\t<div class=\"elementor-element elementor-element-eafa95a elementor-widget elementor-widget-heading\" data-id=\"eafa95a\" data-element_type=\"widget\" data-e-type=\"widget\" data-widget_type=\"heading.default\">\r\n\t\t\t\t<div class=\"elementor-widget-container\">\r\n\t\t\t\t\t<h3 class=\"elementor-heading-title elementor-size-default\">Fem realitat la llibertat dels pares de triar l'educaci\u00f3 que volen per als seus fills:<\/h3>\t\t\t\t<\/div>\r\n\t\t\t\t<\/div>\r\n\t\t\t\t\t<\/div>\r\n\t\t<\/div>\r\n\t\t\t\t\t<\/div>\r\n\t\t<\/section>\r\n\t\t\t\t<section class=\"elementor-section elementor-inner-section elementor-element elementor-element-a4829b5 elementor-section-boxed elementor-section-height-default elementor-section-height-default\" data-id=\"a4829b5\" data-element_type=\"section\" data-e-type=\"section\">\r\n\t\t\t\t\t\t<div class=\"elementor-container elementor-column-gap-default\">\r\n\t\t\t\t\t<div class=\"elementor-column elementor-col-25 elementor-inner-column elementor-element elementor-element-fd13357\" data-id=\"fd13357\" data-element_type=\"column\" data-e-type=\"column\">\r\n\t\t\t<div class=\"elementor-widget-wrap elementor-element-populated\">\r\n\t\t\t\t\t\t<div class=\"elementor-element elementor-element-94e8d59 elementor-position-top elementor-widget elementor-widget-image-box\" data-id=\"94e8d59\" data-element_type=\"widget\" data-e-type=\"widget\" data-widget_type=\"image-box.default\">\r\n\t\t\t\t<div class=\"elementor-widget-container\">\r\n\t\t\t\t\t<div class=\"elementor-image-box-wrapper\"><figure class=\"elementor-image-box-img\"><img decoding=\"async\" width=\"105\" height=\"107\" src=\"https:\/\/www.arjau.org\/wp-content\/uploads\/2023\/03\/concesion1.png\" class=\"attachment-full size-full wp-image-63\" alt=\"\" \/><\/figure><div class=\"elementor-image-box-content\"><p class=\"elementor-image-box-description\">Aconseguim un fons de solidaritat gr\u00e0cies a l\u2019ajuda de tots.<\/p><\/div><\/div>\t\t\t\t<\/div>\r\n\t\t\t\t<\/div>\r\n\t\t\t\t\t<\/div>\r\n\t\t<\/div>\r\n\t\t\t\t<div class=\"elementor-column elementor-col-25 elementor-inner-column elementor-element elementor-element-e413351\" data-id=\"e413351\" data-element_type=\"column\" data-e-type=\"column\">\r\n\t\t\t<div class=\"elementor-widget-wrap elementor-element-populated\">\r\n\t\t\t\t\t\t<div class=\"elementor-element elementor-element-cceb397 elementor-position-top elementor-widget elementor-widget-image-box\" data-id=\"cceb397\" data-element_type=\"widget\" data-e-type=\"widget\" data-widget_type=\"image-box.default\">\r\n\t\t\t\t<div class=\"elementor-widget-container\">\r\n\t\t\t\t\t<div class=\"elementor-image-box-wrapper\"><figure class=\"elementor-image-box-img\"><img loading=\"lazy\" decoding=\"async\" width=\"101\" height=\"107\" src=\"https:\/\/www.arjau.org\/wp-content\/uploads\/2023\/03\/concesion2.png\" class=\"attachment-full size-full wp-image-64\" alt=\"\" \/><\/figure><div class=\"elementor-image-box-content\"><p class=\"elementor-image-box-description\">Ajudem a les fam\u00edlies en situacions de dificultats econ\u00f2miques.<\/p><\/div><\/div>\t\t\t\t<\/div>\r\n\t\t\t\t<\/div>\r\n\t\t\t\t\t<\/div>\r\n\t\t<\/div>\r\n\t\t\t\t<div class=\"elementor-column elementor-col-25 elementor-inner-column elementor-element elementor-element-785534a\" data-id=\"785534a\" data-element_type=\"column\" data-e-type=\"column\">\r\n\t\t\t<div class=\"elementor-widget-wrap elementor-element-populated\">\r\n\t\t\t\t\t\t<div class=\"elementor-element elementor-element-a2115a2 elementor-position-top elementor-widget elementor-widget-image-box\" data-id=\"a2115a2\" data-element_type=\"widget\" data-e-type=\"widget\" data-widget_type=\"image-box.default\">\r\n\t\t\t\t<div class=\"elementor-widget-container\">\r\n\t\t\t\t\t<div class=\"elementor-image-box-wrapper\"><figure class=\"elementor-image-box-img\"><img loading=\"lazy\" decoding=\"async\" width=\"110\" height=\"109\" src=\"https:\/\/www.arjau.org\/wp-content\/uploads\/2023\/03\/concesion3.png\" class=\"attachment-full size-full wp-image-65\" alt=\"\" \/><\/figure><div class=\"elementor-image-box-content\"><p class=\"elementor-image-box-description\">Evitem que els pares hagin de renunciar al model d'educaci\u00f3 triat per als seus fills.<\/p><\/div><\/div>\t\t\t\t<\/div>\r\n\t\t\t\t<\/div>\r\n\t\t\t\t\t<\/div>\r\n\t\t<\/div>\r\n\t\t\t\t<div class=\"elementor-column elementor-col-25 elementor-inner-column elementor-element elementor-element-f7a8285\" data-id=\"f7a8285\" data-element_type=\"column\" data-e-type=\"column\">\r\n\t\t\t<div class=\"elementor-widget-wrap elementor-element-populated\">\r\n\t\t\t\t\t\t<div class=\"elementor-element elementor-element-57c41e0 elementor-position-top elementor-widget elementor-widget-image-box\" data-id=\"57c41e0\" data-element_type=\"widget\" data-e-type=\"widget\" data-widget_type=\"image-box.default\">\r\n\t\t\t\t<div class=\"elementor-widget-container\">\r\n\t\t\t\t\t<div class=\"elementor-image-box-wrapper\"><figure class=\"elementor-image-box-img\"><img loading=\"lazy\" decoding=\"async\" width=\"111\" height=\"107\" src=\"https:\/\/www.arjau.org\/wp-content\/uploads\/2023\/03\/concesion4.png\" class=\"attachment-full size-full wp-image-66\" alt=\"\" \/><\/figure><div class=\"elementor-image-box-content\"><p class=\"elementor-image-box-description\">Concedim ajudes a l\u2019estudi.<\/p><\/div><\/div>\t\t\t\t<\/div>\r\n\t\t\t\t<\/div>\r\n\t\t\t\t\t<\/div>\r\n\t\t<\/div>\r\n\t\t\t\t\t<\/div>\r\n\t\t<\/section>\r\n\t\t\t\t<div class=\"elementor-element elementor-element-1e770fe elementor-align-center elementor-widget elementor-widget-button\" data-id=\"1e770fe\" data-element_type=\"widget\" data-e-type=\"widget\" data-widget_type=\"button.default\">\r\n\t\t\t\t<div class=\"elementor-widget-container\">\r\n\t\t\t\t\t\t\t\t\t<div class=\"elementor-button-wrapper\">\r\n\t\t\t\t\t<a class=\"elementor-button elementor-button-link elementor-size-md\" href=\"https:\/\/www.arjau.org\/ca\/ajudes\/\">\r\n\t\t\t\t\t\t<span class=\"elementor-button-content-wrapper\">\r\n\t\t\t\t\t\t\t\t\t<span class=\"elementor-button-text\">Veure ajudes<\/span>\r\n\t\t\t\t\t<\/span>\r\n\t\t\t\t\t<\/a>\r\n\t\t\t\t<\/div>\r\n\t\t\t\t\t\t\t\t<\/div>\r\n\t\t\t\t<\/div>\r\n\t\t\t\t\t<\/div>\r\n\t\t<\/div>\r\n\t\t\t\t\t<\/div>\r\n\t\t<\/section>\r\n\t\t\t\t<section class=\"elementor-section elementor-top-section elementor-element elementor-element-651c6cf elementor-section-boxed elementor-section-height-default elementor-section-height-default\" data-id=\"651c6cf\" data-element_type=\"section\" data-e-type=\"section\">\r\n\t\t\t\t\t\t<div class=\"elementor-container elementor-column-gap-default\">\r\n\t\t\t\t\t<div class=\"elementor-column elementor-col-100 elementor-top-column elementor-element elementor-element-524a9b9\" data-id=\"524a9b9\" data-element_type=\"column\" data-e-type=\"column\">\r\n\t\t\t<div class=\"elementor-widget-wrap elementor-element-populated\">\r\n\t\t\t\t\t\t<div class=\"elementor-element elementor-element-0ad0087 elementor-widget elementor-widget-menu-anchor\" data-id=\"0ad0087\" data-element_type=\"widget\" data-e-type=\"widget\" data-widget_type=\"menu-anchor.default\">\r\n\t\t\t\t<div class=\"elementor-widget-container\">\r\n\t\t\t\t\t\t\t<div class=\"elementor-menu-anchor\" id=\"informacion\"><\/div>\r\n\t\t\t\t\t\t<\/div>\r\n\t\t\t\t<\/div>\r\n\t\t\t\t\t<\/div>\r\n\t\t<\/div>\r\n\t\t\t\t\t<\/div>\r\n\t\t<\/section>\r\n\t\t\t\t<section class=\"elementor-section elementor-top-section elementor-element elementor-element-afa0142 elementor-section-boxed elementor-section-height-default elementor-section-height-default\" data-id=\"afa0142\" data-element_type=\"section\" data-e-type=\"section\">\r\n\t\t\t\t\t\t<div class=\"elementor-container elementor-column-gap-default\">\r\n\t\t\t\t\t<div class=\"elementor-column elementor-col-50 elementor-top-column elementor-element elementor-element-e0a65bf\" data-id=\"e0a65bf\" data-element_type=\"column\" data-e-type=\"column\">\r\n\t\t\t<div class=\"elementor-widget-wrap elementor-element-populated\">\r\n\t\t\t\t\t\t<div class=\"elementor-element elementor-element-87d5e4b elementor-widget elementor-widget-heading\" data-id=\"87d5e4b\" data-element_type=\"widget\" data-e-type=\"widget\" data-widget_type=\"heading.default\">\r\n\t\t\t\t<div class=\"elementor-widget-container\">\r\n\t\t\t\t\t<h2 class=\"elementor-heading-title elementor-size-default\">Informaci\u00f3 econ\u00f2mica<\/h2>\t\t\t\t<\/div>\r\n\t\t\t\t<\/div>\r\n\t\t\t\t<div class=\"elementor-element elementor-element-c62a9f6 elementor-widget elementor-widget-heading\" data-id=\"c62a9f6\" data-element_type=\"widget\" data-e-type=\"widget\" data-widget_type=\"heading.default\">\r\n\t\t\t\t<div class=\"elementor-widget-container\">\r\n\t\t\t\t\t<h3 class=\"elementor-heading-title elementor-size-default\">En els comptes anuals es detalla informaci\u00f3 sobre la realitzaci\u00f3 de les activitats concretes de la Fundaci\u00f3, aix\u00ed com la viabilitat del seu projecte social.<\/h3>\t\t\t\t<\/div>\r\n\t\t\t\t<\/div>\r\n\t\t\t\t<div class=\"elementor-element elementor-element-5a14923 elementor-widget elementor-widget-text-editor\" data-id=\"5a14923\" data-element_type=\"widget\" data-e-type=\"widget\" data-widget_type=\"text-editor.default\">\r\n\t\t\t\t<div class=\"elementor-widget-container\">\r\n\t\t\t\t\t\t\t\t\t<p>Els comptes anuals, una vegada aprovades pel Patronat una vegada a l&#8217;any, s\u00f3n presentades en el <strong>Departament de Just\u00edcia, Direcci\u00f3 General de Dret i Entitats Jur\u00eddiques de la Generalitat de Catalunya.<\/strong><\/p>\n\t\t\t\t\t\t\t\t<\/div>\r\n\t\t\t\t<\/div>\r\n\t\t\t\t\t<\/div>\r\n\t\t<\/div>\r\n\t\t\t\t<div class=\"elementor-column elementor-col-50 elementor-top-column elementor-element elementor-element-32ad1f5\" data-id=\"32ad1f5\" data-element_type=\"column\" data-e-type=\"column\">\r\n\t\t\t<div class=\"elementor-widget-wrap elementor-element-populated\">\r\n\t\t\t\t\t\t<div class=\"elementor-element elementor-element-41a47a9 elementor-widget elementor-widget-image\" data-id=\"41a47a9\" data-element_type=\"widget\" data-e-type=\"widget\" data-widget_type=\"image.default\">\r\n\t\t\t\t<div class=\"elementor-widget-container\">\r\n\t\t\t\t\t\t\t\t\t\t\t\t\t\t\t<img loading=\"lazy\" decoding=\"async\" width=\"530\" height=\"406\" src=\"https:\/\/www.arjau.org\/wp-content\/uploads\/2023\/03\/informacion.png\" class=\"attachment-large size-large wp-image-365\" alt=\"\" srcset=\"https:\/\/www.arjau.org\/wp-content\/uploads\/2023\/03\/informacion.png 530w, https:\/\/www.arjau.org\/wp-content\/uploads\/2023\/03\/informacion-300x230.png 300w\" sizes=\"(max-width: 530px) 100vw, 530px\" \/>\t\t\t\t\t\t\t\t\t\t\t\t\t\t\t<\/div>\r\n\t\t\t\t<\/div>\r\n\t\t\t\t\t<\/div>\r\n\t\t<\/div>\r\n\t\t\t\t\t<\/div>\r\n\t\t<\/section>\r\n\t\t\t\t<\/div>\r\n\t\t","protected":false},"excerpt":{"rendered":"<p>La Fundaci\u00f3 Hist\u00f2ria La Fundaci\u00f3 l\u2019Arjau neix en 1994 i t\u00e9 com a finalitat amb car\u00e0cter general, el foment i desenvolupament de l&#8217;ensenyament i la cultura aix\u00ed com, promoci\u00f3, divulgaci\u00f3 i patrocini d&#8217;activitats art\u00edstiques, cient\u00edfiques, t\u00e8cniques i formatives i\/o ben\u00e8fiques. La Fundaci\u00f3 l\u2019Arjau neix en 1994 i t\u00e9 com a finalitat amb car\u00e0cter general, el [&hellip;]<\/p>\n","protected":false},"author":1,"featured_media":0,"parent":0,"menu_order":0,"comment_status":"closed","ping_status":"closed","template":"","meta":{"footnotes":""},"class_list":["post-390","page","type-page","status-publish","hentry"],"yoast_head":"<!-- This site is optimized with the Yoast SEO plugin v27.0 - https:\/\/yoast.com\/product\/yoast-seo-wordpress\/ -->\r\n<title>La Fundaci\u00f3 - Fundaci\u00f3 L&#039;Arjau<\/title>\r\n<meta name=\"robots\" content=\"index, follow, max-snippet:-1, max-image-preview:large, max-video-preview:-1\" \/>\r\n<link rel=\"canonical\" href=\"https:\/\/www.arjau.org\/la-fundacion\/\" \/>\r\n<meta property=\"og:locale\" content=\"ca_ES\" \/>\r\n<meta property=\"og:type\" content=\"article\" \/>\r\n<meta property=\"og:title\" content=\"La Fundaci\u00f3 - Fundaci\u00f3 L&#039;Arjau\" \/>\r\n<meta property=\"og:description\" content=\"La Fundaci\u00f3 Hist\u00f2ria La Fundaci\u00f3 l\u2019Arjau neix en 1994 i t\u00e9 com a finalitat amb car\u00e0cter general, el foment i desenvolupament de l&#8217;ensenyament i la cultura aix\u00ed com, promoci\u00f3, divulgaci\u00f3 i patrocini d&#8217;activitats art\u00edstiques, cient\u00edfiques, t\u00e8cniques i formatives i\/o ben\u00e8fiques. La Fundaci\u00f3 l\u2019Arjau neix en 1994 i t\u00e9 com a finalitat amb car\u00e0cter general, el [&hellip;]\" \/>\r\n<meta property=\"og:url\" content=\"https:\/\/www.arjau.org\/la-fundacion\/\" \/>\r\n<meta property=\"og:site_name\" content=\"Fundaci\u00f3 L&#039;Arjau\" \/>\r\n<meta property=\"article:modified_time\" content=\"2024-05-13T11:29:46+00:00\" \/>\r\n<meta property=\"og:image\" content=\"https:\/\/www.arjau.org\/wp-content\/uploads\/2023\/03\/lapiz.png\" \/>\r\n<meta name=\"twitter:card\" content=\"summary_large_image\" \/>\r\n<meta name=\"twitter:label1\" content=\"Temps estimat de lectura\" \/>\n\t<meta name=\"twitter:data1\" content=\"2 minuts\" \/>\r\n<script type=\"application\/ld+json\" class=\"yoast-schema-graph\">{\"@context\":\"https:\/\/schema.org\",\"@graph\":[{\"@type\":\"WebPage\",\"@id\":\"https:\/\/www.arjau.org\/la-fundacion\/\",\"url\":\"https:\/\/www.arjau.org\/la-fundacion\/\",\"name\":\"La Fundaci\u00f3 - Fundaci\u00f3 L&#039;Arjau\",\"isPartOf\":{\"@id\":\"https:\/\/www.arjau.org\/#website\"},\"primaryImageOfPage\":{\"@id\":\"https:\/\/www.arjau.org\/la-fundacion\/#primaryimage\"},\"image\":{\"@id\":\"https:\/\/www.arjau.org\/la-fundacion\/#primaryimage\"},\"thumbnailUrl\":\"https:\/\/www.arjau.org\/wp-content\/uploads\/2023\/03\/lapiz.png\",\"datePublished\":\"2023-03-14T09:36:56+00:00\",\"dateModified\":\"2024-05-13T11:29:46+00:00\",\"breadcrumb\":{\"@id\":\"https:\/\/www.arjau.org\/la-fundacion\/#breadcrumb\"},\"inLanguage\":\"ca\",\"potentialAction\":[{\"@type\":\"ReadAction\",\"target\":[\"https:\/\/www.arjau.org\/la-fundacion\/\"]}]},{\"@type\":\"ImageObject\",\"inLanguage\":\"ca\",\"@id\":\"https:\/\/www.arjau.org\/la-fundacion\/#primaryimage\",\"url\":\"https:\/\/www.arjau.org\/wp-content\/uploads\/2023\/03\/lapiz.png\",\"contentUrl\":\"https:\/\/www.arjau.org\/wp-content\/uploads\/2023\/03\/lapiz.png\"},{\"@type\":\"BreadcrumbList\",\"@id\":\"https:\/\/www.arjau.org\/la-fundacion\/#breadcrumb\",\"itemListElement\":[{\"@type\":\"ListItem\",\"position\":1,\"name\":\"Portada\",\"item\":\"https:\/\/www.arjau.org\/la-fundacion\/\"},{\"@type\":\"ListItem\",\"position\":2,\"name\":\"La Fundaci\u00f3\"}]},{\"@type\":\"WebSite\",\"@id\":\"https:\/\/www.arjau.org\/#website\",\"url\":\"https:\/\/www.arjau.org\/\",\"name\":\"Fundaci\u00f3 L&#039;Arjau\",\"description\":\"Fundaci\u00f3 L&#039;Arjau\",\"potentialAction\":[{\"@type\":\"SearchAction\",\"target\":{\"@type\":\"EntryPoint\",\"urlTemplate\":\"https:\/\/www.arjau.org\/?s={search_term_string}\"},\"query-input\":{\"@type\":\"PropertyValueSpecification\",\"valueRequired\":true,\"valueName\":\"search_term_string\"}}],\"inLanguage\":\"ca\"}]}<\/script>\r\n<!-- \/ Yoast SEO plugin. -->","yoast_head_json":{"title":"La Fundaci\u00f3 - Fundaci\u00f3 L&#039;Arjau","robots":{"index":"index","follow":"follow","max-snippet":"max-snippet:-1","max-image-preview":"max-image-preview:large","max-video-preview":"max-video-preview:-1"},"canonical":"https:\/\/www.arjau.org\/la-fundacion\/","og_locale":"ca_ES","og_type":"article","og_title":"La Fundaci\u00f3 - Fundaci\u00f3 L&#039;Arjau","og_description":"La Fundaci\u00f3 Hist\u00f2ria La Fundaci\u00f3 l\u2019Arjau neix en 1994 i t\u00e9 com a finalitat amb car\u00e0cter general, el foment i desenvolupament de l&#8217;ensenyament i la cultura aix\u00ed com, promoci\u00f3, divulgaci\u00f3 i patrocini d&#8217;activitats art\u00edstiques, cient\u00edfiques, t\u00e8cniques i formatives i\/o ben\u00e8fiques. La Fundaci\u00f3 l\u2019Arjau neix en 1994 i t\u00e9 com a finalitat amb car\u00e0cter general, el [&hellip;]","og_url":"https:\/\/www.arjau.org\/la-fundacion\/","og_site_name":"Fundaci\u00f3 L&#039;Arjau","article_modified_time":"2024-05-13T11:29:46+00:00","og_image":[{"url":"https:\/\/www.arjau.org\/wp-content\/uploads\/2023\/03\/lapiz.png","type":"","width":"","height":""}],"twitter_card":"summary_large_image","twitter_misc":{"Temps estimat de lectura":"2 minuts"},"schema":{"@context":"https:\/\/schema.org","@graph":[{"@type":"WebPage","@id":"https:\/\/www.arjau.org\/la-fundacion\/","url":"https:\/\/www.arjau.org\/la-fundacion\/","name":"La Fundaci\u00f3 - Fundaci\u00f3 L&#039;Arjau","isPartOf":{"@id":"https:\/\/www.arjau.org\/#website"},"primaryImageOfPage":{"@id":"https:\/\/www.arjau.org\/la-fundacion\/#primaryimage"},"image":{"@id":"https:\/\/www.arjau.org\/la-fundacion\/#primaryimage"},"thumbnailUrl":"https:\/\/www.arjau.org\/wp-content\/uploads\/2023\/03\/lapiz.png","datePublished":"2023-03-14T09:36:56+00:00","dateModified":"2024-05-13T11:29:46+00:00","breadcrumb":{"@id":"https:\/\/www.arjau.org\/la-fundacion\/#breadcrumb"},"inLanguage":"ca","potentialAction":[{"@type":"ReadAction","target":["https:\/\/www.arjau.org\/la-fundacion\/"]}]},{"@type":"ImageObject","inLanguage":"ca","@id":"https:\/\/www.arjau.org\/la-fundacion\/#primaryimage","url":"https:\/\/www.arjau.org\/wp-content\/uploads\/2023\/03\/lapiz.png","contentUrl":"https:\/\/www.arjau.org\/wp-content\/uploads\/2023\/03\/lapiz.png"},{"@type":"BreadcrumbList","@id":"https:\/\/www.arjau.org\/la-fundacion\/#breadcrumb","itemListElement":[{"@type":"ListItem","position":1,"name":"Portada","item":"https:\/\/www.arjau.org\/la-fundacion\/"},{"@type":"ListItem","position":2,"name":"La Fundaci\u00f3"}]},{"@type":"WebSite","@id":"https:\/\/www.arjau.org\/#website","url":"https:\/\/www.arjau.org\/","name":"Fundaci\u00f3 L&#039;Arjau","description":"Fundaci\u00f3 L&#039;Arjau","potentialAction":[{"@type":"SearchAction","target":{"@type":"EntryPoint","urlTemplate":"https:\/\/www.arjau.org\/?s={search_term_string}"},"query-input":{"@type":"PropertyValueSpecification","valueRequired":true,"valueName":"search_term_string"}}],"inLanguage":"ca"}]}},"_links":{"self":[{"href":"https:\/\/www.arjau.org\/ca\/wp-json\/wp\/v2\/pages\/390","targetHints":{"allow":["GET"]}}],"collection":[{"href":"https:\/\/www.arjau.org\/ca\/wp-json\/wp\/v2\/pages"}],"about":[{"href":"https:\/\/www.arjau.org\/ca\/wp-json\/wp\/v2\/types\/page"}],"author":[{"embeddable":true,"href":"https:\/\/www.arjau.org\/ca\/wp-json\/wp\/v2\/users\/1"}],"replies":[{"embeddable":true,"href":"https:\/\/www.arjau.org\/ca\/wp-json\/wp\/v2\/comments?post=390"}],"version-history":[{"count":3,"href":"https:\/\/www.arjau.org\/ca\/wp-json\/wp\/v2\/pages\/390\/revisions"}],"predecessor-version":[{"id":645,"href":"https:\/\/www.arjau.org\/ca\/wp-json\/wp\/v2\/pages\/390\/revisions\/645"}],"wp:attachment":[{"href":"https:\/\/www.arjau.org\/ca\/wp-json\/wp\/v2\/media?parent=390"}],"curies":[{"name":"wp","href":"https:\/\/api.w.org\/{rel}","templated":true}]}}