{"id":638,"date":"2024-05-13T09:10:11","date_gmt":"2024-05-13T09:10:11","guid":{"rendered":"https:\/\/www.arjau.org\/concessio-dajudes\/"},"modified":"2025-06-16T09:46:29","modified_gmt":"2025-06-16T09:46:29","slug":"concessio-dajudes","status":"publish","type":"page","link":"https:\/\/www.arjau.org\/ca\/concessio-dajudes\/","title":{"rendered":"Concessi\u00f3 d\u2019ajudes"},"content":{"rendered":"\t\t<div data-elementor-type=\"wp-page\" data-elementor-id=\"638\" class=\"elementor elementor-638\" data-elementor-post-type=\"page\">\r\n\t\t\t\t\t\t<section class=\"elementor-section elementor-top-section elementor-element elementor-element-6550873 elementor-section-full_width elementor-section-height-min-height elementor-section-items-stretch elementor-section-height-default\" data-id=\"6550873\" data-element_type=\"section\" data-e-type=\"section\" data-settings=\"{&quot;background_background&quot;:&quot;classic&quot;}\">\r\n\t\t\t\t\t\t<div class=\"elementor-container elementor-column-gap-default\">\r\n\t\t\t\t\t<div class=\"elementor-column elementor-col-50 elementor-top-column elementor-element elementor-element-d260f2a\" data-id=\"d260f2a\" data-element_type=\"column\" data-e-type=\"column\" data-settings=\"{&quot;background_background&quot;:&quot;classic&quot;}\">\r\n\t\t\t<div class=\"elementor-widget-wrap elementor-element-populated\">\r\n\t\t\t\t\t\t<div class=\"elementor-element elementor-element-4b4a49f elementor-widget elementor-widget-spacer\" data-id=\"4b4a49f\" data-element_type=\"widget\" data-e-type=\"widget\" data-widget_type=\"spacer.default\">\r\n\t\t\t\t<div class=\"elementor-widget-container\">\r\n\t\t\t\t\t\t\t<div class=\"elementor-spacer\">\r\n\t\t\t<div class=\"elementor-spacer-inner\"><\/div>\r\n\t\t<\/div>\r\n\t\t\t\t\t\t<\/div>\r\n\t\t\t\t<\/div>\r\n\t\t\t\t\t<\/div>\r\n\t\t<\/div>\r\n\t\t\t\t<div class=\"elementor-column elementor-col-50 elementor-top-column elementor-element elementor-element-c53642b\" data-id=\"c53642b\" data-element_type=\"column\" data-e-type=\"column\" data-settings=\"{&quot;background_background&quot;:&quot;classic&quot;}\">\r\n\t\t\t<div class=\"elementor-widget-wrap elementor-element-populated\">\r\n\t\t\t\t\t\t<div class=\"elementor-element elementor-element-268b455 elementor-widget elementor-widget-heading\" data-id=\"268b455\" data-element_type=\"widget\" data-e-type=\"widget\" data-widget_type=\"heading.default\">\r\n\t\t\t\t<div class=\"elementor-widget-container\">\r\n\t\t\t\t\t<h1 class=\"elementor-heading-title elementor-size-default\">Concessi\u00f3 d\u2019ajudes<\/h1>\t\t\t\t<\/div>\r\n\t\t\t\t<\/div>\r\n\t\t\t\t<div class=\"elementor-element elementor-element-54dd8bb elementor-widget elementor-widget-text-editor\" data-id=\"54dd8bb\" data-element_type=\"widget\" data-e-type=\"widget\" data-widget_type=\"text-editor.default\">\r\n\t\t\t\t<div class=\"elementor-widget-container\">\r\n\t\t\t\t\t\t\t\t\t<p>La Fundaci\u00f3 l\u2019Arjau t\u00e9 per objecte amb car\u00e0cter general, el foment i desenvolupament de l&#8217;ensenyament i de la cultura, aix\u00ed com la promoci\u00f3, divulgaci\u00f3 i el patrocini d&#8217;activitats art\u00edstiques, cient\u00edfiques, t\u00e8cniques, formatives i\/o Ben\u00e8fiques.<\/p>\n<p>El Patronat de la Fundaci\u00f3 l\u00b4Arjau \u00e9s qui concedeix les ajudes, gr\u00e0cies a les aportacions generoses i solid\u00e0ries de moltes fam\u00edlies, amics i empreses.<\/p>\n\t\t\t\t\t\t\t\t<\/div>\r\n\t\t\t\t<\/div>\r\n\t\t\t\t\t<\/div>\r\n\t\t<\/div>\r\n\t\t\t\t\t<\/div>\r\n\t\t<\/section>\r\n\t\t\t\t<section class=\"elementor-section elementor-top-section elementor-element elementor-element-a3b28d3 elementor-section-boxed elementor-section-height-default elementor-section-height-default\" data-id=\"a3b28d3\" data-element_type=\"section\" data-e-type=\"section\">\r\n\t\t\t\t\t\t<div class=\"elementor-container elementor-column-gap-default\">\r\n\t\t\t\t\t<div class=\"elementor-column elementor-col-100 elementor-top-column elementor-element elementor-element-99fc93d\" data-id=\"99fc93d\" data-element_type=\"column\" data-e-type=\"column\">\r\n\t\t\t<div class=\"elementor-widget-wrap elementor-element-populated\">\r\n\t\t\t\t\t\t<div class=\"elementor-element elementor-element-ac12429 elementor-widget elementor-widget-heading\" data-id=\"ac12429\" data-element_type=\"widget\" data-e-type=\"widget\" data-widget_type=\"heading.default\">\r\n\t\t\t\t<div class=\"elementor-widget-container\">\r\n\t\t\t\t\t<h2 class=\"elementor-heading-title elementor-size-default\">La convocat\u00f2ria pel c. 25-26, est\u00e0 tancada<\/h2>\t\t\t\t<\/div>\r\n\t\t\t\t<\/div>\r\n\t\t\t\t\t<\/div>\r\n\t\t<\/div>\r\n\t\t\t\t\t<\/div>\r\n\t\t<\/section>\r\n\t\t\t\t<section class=\"elementor-section elementor-top-section elementor-element elementor-element-f256e36 elementor-hidden-desktop elementor-hidden-tablet elementor-hidden-mobile elementor-section-boxed elementor-section-height-default elementor-section-height-default\" data-id=\"f256e36\" data-element_type=\"section\" data-e-type=\"section\">\r\n\t\t\t\t\t\t<div class=\"elementor-container elementor-column-gap-default\">\r\n\t\t\t\t\t<div class=\"elementor-column elementor-col-100 elementor-top-column elementor-element elementor-element-2b4a4f2\" data-id=\"2b4a4f2\" data-element_type=\"column\" data-e-type=\"column\">\r\n\t\t\t<div class=\"elementor-widget-wrap elementor-element-populated\">\r\n\t\t\t\t\t\t<section class=\"elementor-section elementor-inner-section elementor-element elementor-element-8cc19aa elementor-section-boxed elementor-section-height-default elementor-section-height-default\" data-id=\"8cc19aa\" data-element_type=\"section\" data-e-type=\"section\">\r\n\t\t\t\t\t\t<div class=\"elementor-container elementor-column-gap-default\">\r\n\t\t\t\t\t<div class=\"elementor-column elementor-col-100 elementor-inner-column elementor-element elementor-element-4eb925d\" data-id=\"4eb925d\" data-element_type=\"column\" data-e-type=\"column\">\r\n\t\t\t<div class=\"elementor-widget-wrap elementor-element-populated\">\r\n\t\t\t\t\t\t<div class=\"elementor-element elementor-element-994856b elementor-widget elementor-widget-heading\" data-id=\"994856b\" data-element_type=\"widget\" data-e-type=\"widget\" data-widget_type=\"heading.default\">\r\n\t\t\t\t<div class=\"elementor-widget-container\">\r\n\t\t\t\t\t<h2 class=\"elementor-heading-title elementor-size-default\">CONVOCAT\u00d2RIA AJUDES CURS 2025-26 <\/h2>\t\t\t\t<\/div>\r\n\t\t\t\t<\/div>\r\n\t\t\t\t<div class=\"elementor-element elementor-element-106b178 elementor-widget elementor-widget-heading\" data-id=\"106b178\" data-element_type=\"widget\" data-e-type=\"widget\" data-widget_type=\"heading.default\">\r\n\t\t\t\t<div class=\"elementor-widget-container\">\r\n\t\t\t\t\t<h3 class=\"elementor-heading-title elementor-size-default\">Dirigit a alumnes\/as les fam\u00edlies de les quals tenen dificultats per afrontar el pagament de les despeses escolars del curs 2025\/26<\/h3>\t\t\t\t<\/div>\r\n\t\t\t\t<\/div>\r\n\t\t\t\t<div class=\"elementor-element elementor-element-b99e69c elementor-widget elementor-widget-text-editor\" data-id=\"b99e69c\" data-element_type=\"widget\" data-e-type=\"widget\" data-widget_type=\"text-editor.default\">\r\n\t\t\t\t<div class=\"elementor-widget-container\">\r\n\t\t\t\t\t\t\t\t\t<p>El procediment per sol\u00b7licita ajudes consisteix en llegar les bases i enviar la documentaci\u00f3 requerida en les mateixes al mail de contacte de la Fundaci\u00f3: <span style=\"color: #000000;\"><a style=\"color: #000000;\" href=\"mailto:arjau@arjau.org\"><strong>arjau@arjau.org<\/strong><\/a><\/span>, abans del 30 de maig del 2025.<\/p>\n<p>Un cop estudiales les sol\u00b7licituds, es comunicar\u00e0 a cadascun el resultat abans del 18 de Juliol de 2025.<\/p>\n\t\t\t\t\t\t\t\t<\/div>\r\n\t\t\t\t<\/div>\r\n\t\t\t\t\t<\/div>\r\n\t\t<\/div>\r\n\t\t\t\t\t<\/div>\r\n\t\t<\/section>\r\n\t\t\t\t\t<\/div>\r\n\t\t<\/div>\r\n\t\t\t\t\t<\/div>\r\n\t\t<\/section>\r\n\t\t\t\t<section class=\"elementor-section elementor-top-section elementor-element elementor-element-a3234cf elementor-hidden-desktop elementor-hidden-tablet elementor-hidden-mobile elementor-section-boxed elementor-section-height-default elementor-section-height-default\" data-id=\"a3234cf\" data-element_type=\"section\" data-e-type=\"section\">\r\n\t\t\t\t\t\t<div class=\"elementor-container elementor-column-gap-default\">\r\n\t\t\t\t\t<div class=\"elementor-column elementor-col-25 elementor-top-column elementor-element elementor-element-2743b5e\" data-id=\"2743b5e\" data-element_type=\"column\" data-e-type=\"column\">\r\n\t\t\t<div class=\"elementor-widget-wrap elementor-element-populated\">\r\n\t\t\t\t\t\t<div class=\"elementor-element elementor-element-d87c529 elementor-view-default elementor-position-block-start elementor-mobile-position-block-start elementor-widget elementor-widget-icon-box\" data-id=\"d87c529\" data-element_type=\"widget\" data-e-type=\"widget\" data-widget_type=\"icon-box.default\">\r\n\t\t\t\t<div class=\"elementor-widget-container\">\r\n\t\t\t\t\t\t\t<div class=\"elementor-icon-box-wrapper\">\r\n\r\n\t\t\t\t\t\t<div class=\"elementor-icon-box-icon\">\r\n\t\t\t\t<a href=\"https:\/\/www.arjau.org\/wp-content\/uploads\/2025\/05\/00-BASES-CONVOCATORIA-AYUDAS-FUND-PRIV-LARJAU-25-26_.pdf\" target=\"_blank\" rel=\"nofollow\" class=\"elementor-icon\" tabindex=\"-1\" aria-label=\"BASES CONVOCAT\u00d2RIA \">\r\n\t\t\t\t<i aria-hidden=\"true\" class=\"far fa-file-pdf\"><\/i>\t\t\t\t<\/a>\r\n\t\t\t<\/div>\r\n\t\t\t\r\n\t\t\t\t\t\t<div class=\"elementor-icon-box-content\">\r\n\r\n\t\t\t\t\t\t\t\t\t<h3 class=\"elementor-icon-box-title\">\r\n\t\t\t\t\t\t<a href=\"https:\/\/www.arjau.org\/wp-content\/uploads\/2025\/05\/00-BASES-CONVOCATORIA-AYUDAS-FUND-PRIV-LARJAU-25-26_.pdf\" target=\"_blank\" rel=\"nofollow\" >\r\n\t\t\t\t\t\t\tBASES CONVOCAT\u00d2RIA \t\t\t\t\t\t<\/a>\r\n\t\t\t\t\t<\/h3>\r\n\t\t\t\t\r\n\t\t\t\t\r\n\t\t\t<\/div>\r\n\t\t\t\r\n\t\t<\/div>\r\n\t\t\t\t\t\t<\/div>\r\n\t\t\t\t<\/div>\r\n\t\t\t\t\t<\/div>\r\n\t\t<\/div>\r\n\t\t\t\t<div class=\"elementor-column elementor-col-25 elementor-top-column elementor-element elementor-element-3080ab7\" data-id=\"3080ab7\" data-element_type=\"column\" data-e-type=\"column\">\r\n\t\t\t<div class=\"elementor-widget-wrap elementor-element-populated\">\r\n\t\t\t\t\t\t<div class=\"elementor-element elementor-element-d12561c elementor-view-default elementor-position-block-start elementor-mobile-position-block-start elementor-widget elementor-widget-icon-box\" data-id=\"d12561c\" data-element_type=\"widget\" data-e-type=\"widget\" data-widget_type=\"icon-box.default\">\r\n\t\t\t\t<div class=\"elementor-widget-container\">\r\n\t\t\t\t\t\t\t<div class=\"elementor-icon-box-wrapper\">\r\n\r\n\t\t\t\t\t\t<div class=\"elementor-icon-box-icon\">\r\n\t\t\t\t<a href=\"https:\/\/www.arjau.org\/wp-content\/uploads\/2025\/05\/01-Procedimiento-solic.-ayuda-Procedim.-sol.-aj.-25-26.pdf\" target=\"_blank\" rel=\"nofollow\" class=\"elementor-icon\" tabindex=\"-1\" aria-label=\"Procediment sol\u00b7licitud de ajuda\">\r\n\t\t\t\t<i aria-hidden=\"true\" class=\"far fa-file-pdf\"><\/i>\t\t\t\t<\/a>\r\n\t\t\t<\/div>\r\n\t\t\t\r\n\t\t\t\t\t\t<div class=\"elementor-icon-box-content\">\r\n\r\n\t\t\t\t\t\t\t\t\t<h3 class=\"elementor-icon-box-title\">\r\n\t\t\t\t\t\t<a href=\"https:\/\/www.arjau.org\/wp-content\/uploads\/2025\/05\/01-Procedimiento-solic.-ayuda-Procedim.-sol.-aj.-25-26.pdf\" target=\"_blank\" rel=\"nofollow\" >\r\n\t\t\t\t\t\t\tProcediment sol\u00b7licitud de ajuda\t\t\t\t\t\t<\/a>\r\n\t\t\t\t\t<\/h3>\r\n\t\t\t\t\r\n\t\t\t\t\r\n\t\t\t<\/div>\r\n\t\t\t\r\n\t\t<\/div>\r\n\t\t\t\t\t\t<\/div>\r\n\t\t\t\t<\/div>\r\n\t\t\t\t\t<\/div>\r\n\t\t<\/div>\r\n\t\t\t\t<div class=\"elementor-column elementor-col-25 elementor-top-column elementor-element elementor-element-28ab016\" data-id=\"28ab016\" data-element_type=\"column\" data-e-type=\"column\">\r\n\t\t\t<div class=\"elementor-widget-wrap elementor-element-populated\">\r\n\t\t\t\t\t\t<div class=\"elementor-element elementor-element-fa78cc5 elementor-view-default elementor-position-block-start elementor-mobile-position-block-start elementor-widget elementor-widget-icon-box\" data-id=\"fa78cc5\" data-element_type=\"widget\" data-e-type=\"widget\" data-widget_type=\"icon-box.default\">\r\n\t\t\t\t<div class=\"elementor-widget-container\">\r\n\t\t\t\t\t\t\t<div class=\"elementor-icon-box-wrapper\">\r\n\r\n\t\t\t\t\t\t<div class=\"elementor-icon-box-icon\">\r\n\t\t\t\t<a href=\"https:\/\/www.arjau.org\/wp-content\/uploads\/2025\/05\/02-FORMULARIO-SOLICITUD-POR-ALUMNO-25-26.pdf\" target=\"_blank\" rel=\"nofollow\" class=\"elementor-icon\" tabindex=\"-1\" aria-label=\"FORMULARI SOL\u00b7LICITUD INDIVIDUAL\">\r\n\t\t\t\t<i aria-hidden=\"true\" class=\"far fa-file-pdf\"><\/i>\t\t\t\t<\/a>\r\n\t\t\t<\/div>\r\n\t\t\t\r\n\t\t\t\t\t\t<div class=\"elementor-icon-box-content\">\r\n\r\n\t\t\t\t\t\t\t\t\t<h3 class=\"elementor-icon-box-title\">\r\n\t\t\t\t\t\t<a href=\"https:\/\/www.arjau.org\/wp-content\/uploads\/2025\/05\/02-FORMULARIO-SOLICITUD-POR-ALUMNO-25-26.pdf\" target=\"_blank\" rel=\"nofollow\" >\r\n\t\t\t\t\t\t\tFORMULARI SOL\u00b7LICITUD INDIVIDUAL\t\t\t\t\t\t<\/a>\r\n\t\t\t\t\t<\/h3>\r\n\t\t\t\t\r\n\t\t\t\t\r\n\t\t\t<\/div>\r\n\t\t\t\r\n\t\t<\/div>\r\n\t\t\t\t\t\t<\/div>\r\n\t\t\t\t<\/div>\r\n\t\t\t\t\t<\/div>\r\n\t\t<\/div>\r\n\t\t\t\t<div class=\"elementor-column elementor-col-25 elementor-top-column elementor-element elementor-element-95d22e8\" data-id=\"95d22e8\" data-element_type=\"column\" data-e-type=\"column\">\r\n\t\t\t<div class=\"elementor-widget-wrap elementor-element-populated\">\r\n\t\t\t\t\t\t<div class=\"elementor-element elementor-element-a4f9828 elementor-view-default elementor-position-block-start elementor-mobile-position-block-start elementor-widget elementor-widget-icon-box\" data-id=\"a4f9828\" data-element_type=\"widget\" data-e-type=\"widget\" data-widget_type=\"icon-box.default\">\r\n\t\t\t\t<div class=\"elementor-widget-container\">\r\n\t\t\t\t\t\t\t<div class=\"elementor-icon-box-wrapper\">\r\n\r\n\t\t\t\t\t\t<div class=\"elementor-icon-box-icon\">\r\n\t\t\t\t<a href=\"https:\/\/www.arjau.org\/wp-content\/uploads\/2025\/05\/03-Formulario-ANEXO-a-las-solicitud-de-ayuda-25-26.pdf\" target=\"_blank\" rel=\"nofollow\" class=\"elementor-icon\" tabindex=\"-1\" aria-label=\"FORMULARI ANNEX SOL\u00b7LICITUD \">\r\n\t\t\t\t<i aria-hidden=\"true\" class=\"far fa-file-pdf\"><\/i>\t\t\t\t<\/a>\r\n\t\t\t<\/div>\r\n\t\t\t\r\n\t\t\t\t\t\t<div class=\"elementor-icon-box-content\">\r\n\r\n\t\t\t\t\t\t\t\t\t<h3 class=\"elementor-icon-box-title\">\r\n\t\t\t\t\t\t<a href=\"https:\/\/www.arjau.org\/wp-content\/uploads\/2025\/05\/03-Formulario-ANEXO-a-las-solicitud-de-ayuda-25-26.pdf\" target=\"_blank\" rel=\"nofollow\" >\r\n\t\t\t\t\t\t\tFORMULARI ANNEX SOL\u00b7LICITUD \t\t\t\t\t\t<\/a>\r\n\t\t\t\t\t<\/h3>\r\n\t\t\t\t\r\n\t\t\t\t\r\n\t\t\t<\/div>\r\n\t\t\t\r\n\t\t<\/div>\r\n\t\t\t\t\t\t<\/div>\r\n\t\t\t\t<\/div>\r\n\t\t\t\t\t<\/div>\r\n\t\t<\/div>\r\n\t\t\t\t\t<\/div>\r\n\t\t<\/section>\r\n\t\t\t\t<section class=\"elementor-section elementor-top-section elementor-element elementor-element-43dc050 elementor-hidden-desktop elementor-hidden-tablet elementor-hidden-mobile elementor-section-boxed elementor-section-height-default elementor-section-height-default\" data-id=\"43dc050\" data-element_type=\"section\" data-e-type=\"section\">\r\n\t\t\t\t\t\t<div class=\"elementor-container elementor-column-gap-default\">\r\n\t\t\t\t\t<div class=\"elementor-column elementor-col-100 elementor-top-column elementor-element elementor-element-c900b7e\" data-id=\"c900b7e\" data-element_type=\"column\" data-e-type=\"column\">\r\n\t\t\t<div class=\"elementor-widget-wrap elementor-element-populated\">\r\n\t\t\t\t\t\t<div class=\"elementor-element elementor-element-524c47f elementor-widget elementor-widget-heading\" data-id=\"524c47f\" data-element_type=\"widget\" data-e-type=\"widget\" data-widget_type=\"heading.default\">\r\n\t\t\t\t<div class=\"elementor-widget-container\">\r\n\t\t\t\t\t<h2 class=\"elementor-heading-title elementor-size-default\">DADES D'INTER\u00c8S:<\/h2>\t\t\t\t<\/div>\r\n\t\t\t\t<\/div>\r\n\t\t\t\t<div class=\"elementor-element elementor-element-0734644 listaayuda elementor-widget elementor-widget-text-editor\" data-id=\"0734644\" data-element_type=\"widget\" data-e-type=\"widget\" data-widget_type=\"text-editor.default\">\r\n\t\t\t\t<div class=\"elementor-widget-container\">\r\n\t\t\t\t\t\t\t\t\t<ol>\n<li>Per gestionar degudament les sol\u00b7licituds pel curs 2025-26, <span style=\"text-decoration: underline;\"><strong>no es podran admetre<\/strong> <\/span>sol\u00b7licituds amb posterioritat al 30 de maig del 2025.<\/li>\n<li>El fet d\u2019estar rebent ajuda durant el present curs, no eximeix de la presentaci\u00f3 de la sol\u00b7licitud per al proper curso, ni suposa la seva continu\u00eftat. Les ajudes es concedeixen per curs escolar.<\/li>\n<li>La concessi\u00f3 d\u2019ajudes \u00e9s incompatible amb la matriculaci\u00f3 a activitats extraescolars.<\/li>\n<\/ol>\n\t\t\t\t\t\t\t\t<\/div>\r\n\t\t\t\t<\/div>\r\n\t\t\t\t\t<\/div>\r\n\t\t<\/div>\r\n\t\t\t\t\t<\/div>\r\n\t\t<\/section>\r\n\t\t\t\t<section class=\"elementor-section elementor-top-section elementor-element elementor-element-d95ce25 elementor-section-boxed elementor-section-height-default elementor-section-height-default\" data-id=\"d95ce25\" data-element_type=\"section\" data-e-type=\"section\">\r\n\t\t\t\t\t\t<div class=\"elementor-container elementor-column-gap-default\">\r\n\t\t\t\t\t<div class=\"elementor-column elementor-col-100 elementor-top-column elementor-element elementor-element-2aefbd5\" data-id=\"2aefbd5\" data-element_type=\"column\" data-e-type=\"column\">\r\n\t\t\t<div class=\"elementor-widget-wrap elementor-element-populated\">\r\n\t\t\t\t\t\t<div class=\"elementor-element elementor-element-f5d88c0 elementor-widget elementor-widget-heading\" data-id=\"f5d88c0\" data-element_type=\"widget\" data-e-type=\"widget\" data-widget_type=\"heading.default\">\r\n\t\t\t\t<div class=\"elementor-widget-container\">\r\n\t\t\t\t\t<h2 class=\"elementor-heading-title elementor-size-default\">M\u00c9S INFORMACI\u00d3<\/h2>\t\t\t\t<\/div>\r\n\t\t\t\t<\/div>\r\n\t\t\t\t\t<\/div>\r\n\t\t<\/div>\r\n\t\t\t\t\t<\/div>\r\n\t\t<\/section>\r\n\t\t\t\t<section class=\"elementor-section elementor-top-section elementor-element elementor-element-ec18fc1 elementor-section-boxed elementor-section-height-default elementor-section-height-default\" data-id=\"ec18fc1\" data-element_type=\"section\" data-e-type=\"section\">\r\n\t\t\t\t\t\t<div class=\"elementor-container elementor-column-gap-default\">\r\n\t\t\t\t\t<div class=\"elementor-column elementor-col-50 elementor-top-column elementor-element elementor-element-605421a\" data-id=\"605421a\" data-element_type=\"column\" data-e-type=\"column\">\r\n\t\t\t<div class=\"elementor-widget-wrap elementor-element-populated\">\r\n\t\t\t\t\t\t<div class=\"elementor-element elementor-element-2ca55b4 elementor-view-default elementor-position-block-start elementor-mobile-position-block-start elementor-widget elementor-widget-icon-box\" data-id=\"2ca55b4\" data-element_type=\"widget\" data-e-type=\"widget\" data-widget_type=\"icon-box.default\">\r\n\t\t\t\t<div class=\"elementor-widget-container\">\r\n\t\t\t\t\t\t\t<div class=\"elementor-icon-box-wrapper\">\r\n\r\n\t\t\t\t\t\t<div class=\"elementor-icon-box-icon\">\r\n\t\t\t\t<a href=\"mailto:arjau@arjau.org\" class=\"elementor-icon\" tabindex=\"-1\" aria-label=\"arjau@arjau.org     \">\r\n\t\t\t\t<i aria-hidden=\"true\" class=\"fas fa-envelope\"><\/i>\t\t\t\t<\/a>\r\n\t\t\t<\/div>\r\n\t\t\t\r\n\t\t\t\t\t\t<div class=\"elementor-icon-box-content\">\r\n\r\n\t\t\t\t\t\t\t\t\t<h3 class=\"elementor-icon-box-title\">\r\n\t\t\t\t\t\t<a href=\"mailto:arjau@arjau.org\" >\r\n\t\t\t\t\t\t\tarjau@arjau.org     \t\t\t\t\t\t<\/a>\r\n\t\t\t\t\t<\/h3>\r\n\t\t\t\t\r\n\t\t\t\t\r\n\t\t\t<\/div>\r\n\t\t\t\r\n\t\t<\/div>\r\n\t\t\t\t\t\t<\/div>\r\n\t\t\t\t<\/div>\r\n\t\t\t\t\t<\/div>\r\n\t\t<\/div>\r\n\t\t\t\t<div class=\"elementor-column elementor-col-50 elementor-top-column elementor-element elementor-element-5aa7702\" data-id=\"5aa7702\" data-element_type=\"column\" data-e-type=\"column\">\r\n\t\t\t<div class=\"elementor-widget-wrap elementor-element-populated\">\r\n\t\t\t\t\t\t<div class=\"elementor-element elementor-element-2927ccb elementor-view-default elementor-position-block-start elementor-mobile-position-block-start elementor-widget elementor-widget-icon-box\" data-id=\"2927ccb\" data-element_type=\"widget\" data-e-type=\"widget\" data-widget_type=\"icon-box.default\">\r\n\t\t\t\t<div class=\"elementor-widget-container\">\r\n\t\t\t\t\t\t\t<div class=\"elementor-icon-box-wrapper\">\r\n\r\n\t\t\t\t\t\t<div class=\"elementor-icon-box-icon\">\r\n\t\t\t\t<a href=\"tel:+34%20625686178\" class=\"elementor-icon\" tabindex=\"-1\" aria-label=\"625 686 178\">\r\n\t\t\t\t<i aria-hidden=\"true\" class=\"fas fa-phone-alt\"><\/i>\t\t\t\t<\/a>\r\n\t\t\t<\/div>\r\n\t\t\t\r\n\t\t\t\t\t\t<div class=\"elementor-icon-box-content\">\r\n\r\n\t\t\t\t\t\t\t\t\t<h3 class=\"elementor-icon-box-title\">\r\n\t\t\t\t\t\t<a href=\"tel:+34%20625686178\" >\r\n\t\t\t\t\t\t\t625 686 178\t\t\t\t\t\t<\/a>\r\n\t\t\t\t\t<\/h3>\r\n\t\t\t\t\r\n\t\t\t\t\r\n\t\t\t<\/div>\r\n\t\t\t\r\n\t\t<\/div>\r\n\t\t\t\t\t\t<\/div>\r\n\t\t\t\t<\/div>\r\n\t\t\t\t\t<\/div>\r\n\t\t<\/div>\r\n\t\t\t\t\t<\/div>\r\n\t\t<\/section>\r\n\t\t\t\t<\/div>\r\n\t\t","protected":false},"excerpt":{"rendered":"<p>Concessi\u00f3 d\u2019ajudes La Fundaci\u00f3 l\u2019Arjau t\u00e9 per objecte amb car\u00e0cter general, el foment i desenvolupament de l&#8217;ensenyament i de la cultura, aix\u00ed com la promoci\u00f3, divulgaci\u00f3 i el patrocini d&#8217;activitats art\u00edstiques, cient\u00edfiques, t\u00e8cniques, formatives i\/o Ben\u00e8fiques. El Patronat de la Fundaci\u00f3 l\u00b4Arjau \u00e9s qui concedeix les ajudes, gr\u00e0cies a les aportacions generoses i solid\u00e0ries de [&hellip;]<\/p>\n","protected":false},"author":1,"featured_media":0,"parent":0,"menu_order":0,"comment_status":"closed","ping_status":"closed","template":"","meta":{"footnotes":""},"class_list":["post-638","page","type-page","status-publish","hentry"],"yoast_head":"<!-- This site is optimized with the Yoast SEO plugin v27.0 - https:\/\/yoast.com\/product\/yoast-seo-wordpress\/ -->\r\n<title>Concessi\u00f3 d\u2019ajudes - Fundaci\u00f3 L&#039;Arjau<\/title>\r\n<meta name=\"robots\" content=\"index, follow, max-snippet:-1, max-image-preview:large, max-video-preview:-1\" \/>\r\n<link rel=\"canonical\" href=\"https:\/\/www.arjau.org\/concesion-de-ayudas\/\" \/>\r\n<meta property=\"og:locale\" content=\"ca_ES\" \/>\r\n<meta property=\"og:type\" content=\"article\" \/>\r\n<meta property=\"og:title\" content=\"Concessi\u00f3 d\u2019ajudes - Fundaci\u00f3 L&#039;Arjau\" \/>\r\n<meta property=\"og:description\" content=\"Concessi\u00f3 d\u2019ajudes La Fundaci\u00f3 l\u2019Arjau t\u00e9 per objecte amb car\u00e0cter general, el foment i desenvolupament de l&#8217;ensenyament i de la cultura, aix\u00ed com la promoci\u00f3, divulgaci\u00f3 i el patrocini d&#8217;activitats art\u00edstiques, cient\u00edfiques, t\u00e8cniques, formatives i\/o Ben\u00e8fiques. El Patronat de la Fundaci\u00f3 l\u00b4Arjau \u00e9s qui concedeix les ajudes, gr\u00e0cies a les aportacions generoses i solid\u00e0ries de [&hellip;]\" \/>\r\n<meta property=\"og:url\" content=\"https:\/\/www.arjau.org\/concesion-de-ayudas\/\" \/>\r\n<meta property=\"og:site_name\" content=\"Fundaci\u00f3 L&#039;Arjau\" \/>\r\n<meta property=\"article:modified_time\" content=\"2025-06-16T09:46:29+00:00\" \/>\r\n<meta name=\"twitter:card\" content=\"summary_large_image\" \/>\r\n<meta name=\"twitter:label1\" content=\"Temps estimat de lectura\" \/>\n\t<meta name=\"twitter:data1\" content=\"1 minut\" \/>\r\n<script type=\"application\/ld+json\" class=\"yoast-schema-graph\">{\"@context\":\"https:\/\/schema.org\",\"@graph\":[{\"@type\":\"WebPage\",\"@id\":\"https:\/\/www.arjau.org\/concesion-de-ayudas\/\",\"url\":\"https:\/\/www.arjau.org\/concesion-de-ayudas\/\",\"name\":\"Concessi\u00f3 d\u2019ajudes - Fundaci\u00f3 L&#039;Arjau\",\"isPartOf\":{\"@id\":\"https:\/\/www.arjau.org\/#website\"},\"datePublished\":\"2024-05-13T09:10:11+00:00\",\"dateModified\":\"2025-06-16T09:46:29+00:00\",\"breadcrumb\":{\"@id\":\"https:\/\/www.arjau.org\/concesion-de-ayudas\/#breadcrumb\"},\"inLanguage\":\"ca\",\"potentialAction\":[{\"@type\":\"ReadAction\",\"target\":[\"https:\/\/www.arjau.org\/concesion-de-ayudas\/\"]}]},{\"@type\":\"BreadcrumbList\",\"@id\":\"https:\/\/www.arjau.org\/concesion-de-ayudas\/#breadcrumb\",\"itemListElement\":[{\"@type\":\"ListItem\",\"position\":1,\"name\":\"Portada\",\"item\":\"https:\/\/www.arjau.org\/la-fundacion\/\"},{\"@type\":\"ListItem\",\"position\":2,\"name\":\"Concessi\u00f3 d\u2019ajudes\"}]},{\"@type\":\"WebSite\",\"@id\":\"https:\/\/www.arjau.org\/#website\",\"url\":\"https:\/\/www.arjau.org\/\",\"name\":\"Fundaci\u00f3 L&#039;Arjau\",\"description\":\"Fundaci\u00f3 L&#039;Arjau\",\"potentialAction\":[{\"@type\":\"SearchAction\",\"target\":{\"@type\":\"EntryPoint\",\"urlTemplate\":\"https:\/\/www.arjau.org\/?s={search_term_string}\"},\"query-input\":{\"@type\":\"PropertyValueSpecification\",\"valueRequired\":true,\"valueName\":\"search_term_string\"}}],\"inLanguage\":\"ca\"}]}<\/script>\r\n<!-- \/ Yoast SEO plugin. -->","yoast_head_json":{"title":"Concessi\u00f3 d\u2019ajudes - Fundaci\u00f3 L&#039;Arjau","robots":{"index":"index","follow":"follow","max-snippet":"max-snippet:-1","max-image-preview":"max-image-preview:large","max-video-preview":"max-video-preview:-1"},"canonical":"https:\/\/www.arjau.org\/concesion-de-ayudas\/","og_locale":"ca_ES","og_type":"article","og_title":"Concessi\u00f3 d\u2019ajudes - Fundaci\u00f3 L&#039;Arjau","og_description":"Concessi\u00f3 d\u2019ajudes La Fundaci\u00f3 l\u2019Arjau t\u00e9 per objecte amb car\u00e0cter general, el foment i desenvolupament de l&#8217;ensenyament i de la cultura, aix\u00ed com la promoci\u00f3, divulgaci\u00f3 i el patrocini d&#8217;activitats art\u00edstiques, cient\u00edfiques, t\u00e8cniques, formatives i\/o Ben\u00e8fiques. El Patronat de la Fundaci\u00f3 l\u00b4Arjau \u00e9s qui concedeix les ajudes, gr\u00e0cies a les aportacions generoses i solid\u00e0ries de [&hellip;]","og_url":"https:\/\/www.arjau.org\/concesion-de-ayudas\/","og_site_name":"Fundaci\u00f3 L&#039;Arjau","article_modified_time":"2025-06-16T09:46:29+00:00","twitter_card":"summary_large_image","twitter_misc":{"Temps estimat de lectura":"1 minut"},"schema":{"@context":"https:\/\/schema.org","@graph":[{"@type":"WebPage","@id":"https:\/\/www.arjau.org\/concesion-de-ayudas\/","url":"https:\/\/www.arjau.org\/concesion-de-ayudas\/","name":"Concessi\u00f3 d\u2019ajudes - Fundaci\u00f3 L&#039;Arjau","isPartOf":{"@id":"https:\/\/www.arjau.org\/#website"},"datePublished":"2024-05-13T09:10:11+00:00","dateModified":"2025-06-16T09:46:29+00:00","breadcrumb":{"@id":"https:\/\/www.arjau.org\/concesion-de-ayudas\/#breadcrumb"},"inLanguage":"ca","potentialAction":[{"@type":"ReadAction","target":["https:\/\/www.arjau.org\/concesion-de-ayudas\/"]}]},{"@type":"BreadcrumbList","@id":"https:\/\/www.arjau.org\/concesion-de-ayudas\/#breadcrumb","itemListElement":[{"@type":"ListItem","position":1,"name":"Portada","item":"https:\/\/www.arjau.org\/la-fundacion\/"},{"@type":"ListItem","position":2,"name":"Concessi\u00f3 d\u2019ajudes"}]},{"@type":"WebSite","@id":"https:\/\/www.arjau.org\/#website","url":"https:\/\/www.arjau.org\/","name":"Fundaci\u00f3 L&#039;Arjau","description":"Fundaci\u00f3 L&#039;Arjau","potentialAction":[{"@type":"SearchAction","target":{"@type":"EntryPoint","urlTemplate":"https:\/\/www.arjau.org\/?s={search_term_string}"},"query-input":{"@type":"PropertyValueSpecification","valueRequired":true,"valueName":"search_term_string"}}],"inLanguage":"ca"}]}},"_links":{"self":[{"href":"https:\/\/www.arjau.org\/ca\/wp-json\/wp\/v2\/pages\/638","targetHints":{"allow":["GET"]}}],"collection":[{"href":"https:\/\/www.arjau.org\/ca\/wp-json\/wp\/v2\/pages"}],"about":[{"href":"https:\/\/www.arjau.org\/ca\/wp-json\/wp\/v2\/types\/page"}],"author":[{"embeddable":true,"href":"https:\/\/www.arjau.org\/ca\/wp-json\/wp\/v2\/users\/1"}],"replies":[{"embeddable":true,"href":"https:\/\/www.arjau.org\/ca\/wp-json\/wp\/v2\/comments?post=638"}],"version-history":[{"count":5,"href":"https:\/\/www.arjau.org\/ca\/wp-json\/wp\/v2\/pages\/638\/revisions"}],"predecessor-version":[{"id":681,"href":"https:\/\/www.arjau.org\/ca\/wp-json\/wp\/v2\/pages\/638\/revisions\/681"}],"wp:attachment":[{"href":"https:\/\/www.arjau.org\/ca\/wp-json\/wp\/v2\/media?parent=638"}],"curies":[{"name":"wp","href":"https:\/\/api.w.org\/{rel}","templated":true}]}}